{"id":3274,"date":"2022-07-28T11:50:59","date_gmt":"2022-07-28T09:50:59","guid":{"rendered":"https:\/\/www.projekt-mida.de\/?post_type=staff&#038;p=3274"},"modified":"2026-03-21T10:01:33","modified_gmt":"2026-03-21T09:01:33","slug":"michael-mann","status":"publish","type":"staff","link":"https:\/\/www.projekt-mida.de\/en\/staff\/michael-mann\/","title":{"rendered":"Michael Mann"},"content":{"rendered":"\n<div class=\"wp-block-media-text alignwide is-stacked-on-mobile has-background\" style=\"background-color:#e7e6fc;grid-template-columns:25% auto\"><figure class=\"wp-block-media-text__media\"><img loading=\"lazy\" decoding=\"async\" width=\"200\" height=\"149\" src=\"https:\/\/www.projekt-mida.de\/wp-content\/uploads\/2016\/11\/P_FOTO_normal.jpg\" alt=\"Prof. Dr. Michael Mann, Projektleiter bei MIDA\" class=\"wp-image-133 size-full\"><\/figure><div class=\"wp-block-media-text__content\">\n<p style=\"font-size:30px\">Prof. Dr. Michael Mann<\/p>\n\n\n\n<p><strong>Prin\u00adci\u00adpal Investigator<\/strong><\/p>\n\n\n\n<div style=\"height:50px\" aria-hidden=\"true\" class=\"wp-block-spacer\"><\/div>\n\n\n\n<div class=\"wp-block-columns is-layout-flex wp-container-core-columns-is-layout-9d6595d7 wp-block-columns-is-layout-flex\">\n<div class=\"wp-block-column is-layout-flow wp-block-column-is-layout-flow\" style=\"flex-basis:50%\">\n<p class=\"has-small-font-size\">Email:<br>michael.mann[at]asa.hu-berlin.de<\/p>\n<\/div>\n\n\n\n<div class=\"wp-block-column is-layout-flow wp-block-column-is-layout-flow\" style=\"flex-basis:50%\">\n<p class=\"has-small-font-size\">Address:<br>Invali\u00adden\u00adstra\u00dfe 118<br>10115 Berlin<br>Ger\u00admany<\/p>\n<\/div>\n<\/div>\n<\/div><\/div>\n\n\n\n<div style=\"height:25px\" aria-hidden=\"true\" class=\"wp-block-spacer\"><\/div>\n\n\n\n<div class=\"wp-block-buttons is-layout-flex wp-block-buttons-is-layout-flex\">\n<div class=\"wp-block-button is-style-outline is-style-outline--1\"><a class=\"wp-block-button__link wp-element-button\" href=\"#werdegang\">Career<\/a><\/div>\n\n\n\n<div class=\"wp-block-button is-style-outline is-style-outline--2\"><a class=\"wp-block-button__link wp-element-button\" href=\"#publikationen\">Pub\u00adli\u00adca\u00adtions<\/a><\/div>\n<\/div>\n\n\n\n<div style=\"height:25px\" aria-hidden=\"true\" class=\"wp-block-spacer\"><\/div>\n\n\n\n<h1 class=\"wp-block-heading\" id=\"werdegang\"><strong>Career<\/strong><\/h1>\n\n\n\n<p>Michael Mann stud\u00adied Mod\u00adern South Asian His\u00adto\u00adry, Indol\u00ado\u00adgy and Ger\u00adman Lit\u00ader\u00ada\u00adture at Hei\u00addel\u00adberg Uni\u00adver\u00adsi\u00adty receiv\u00ading his M.A. in Mod\u00adern His\u00adto\u00adry and South Asian His\u00adto\u00adry in 1989. Prof. Dr Diet\u00admar Rother\u00admund, South Asia Insti\u00adtute of Hei\u00addel\u00adberg Uni\u00adver\u00adsi\u00adty, super\u00advised his PhD-the\u00adsis on the agrar\u00adi\u00adan trans\u00adfor\u00adma\u00adtion of north\u00adern India at the begin\u00adning of British colo\u00adnial rule which Michael Mann com\u00adplet\u00aded in 1992. From this year to 2005 he was employed as assis\u00adtant pro\u00adfes\u00adsor at the Fer\u00adnUni\u00adver\u00adsit\u00e4t in Hagen (Germany\u2019s open uni\u00adver\u00adsi\u00adty) where he com\u00adplet\u00aded his sec\u00adond the\u00adsis (monog\u00adra\u00adphy) on the ear\u00adly British colo\u00adnial state in Ben\u00adgal. Michael Mann took part in a cou\u00adple of research projects, one on his\u00adto\u00adri\u00ado\u00adgraph\u00adi\u00adcal rep\u00adre\u00adsen\u00adta\u00adtions of South Asia in mod\u00adern times and the sec\u00adond one on teleg\u00adra\u00adphy and the pub\u00adlic sphere in British India. From April 2010 till Sep\u00adtem\u00adber 2024 he was Pro\u00adfes\u00adsor for Soci\u00adety and Cul\u00adture of South Asia at Hum\u00adboldt-Uni\u00adver\u00adsi\u00adtaet zu Berlin.<\/p>\n\n\n\n<h1 class=\"wp-block-heading\"><strong>Curriculum Vitae<\/strong><\/h1>\n\n\n\n<p><strong>2010\u20132024<\/strong> Pro\u00adfes\u00adsor for Soci\u00adety and Cul\u00adture of South Asia at Hum\u00adboldt-Uni\u00adver\u00adsi\u00adtaet zu Berlin<\/p>\n\n\n\n<p><strong>2007\u20132010<\/strong> Mitar\u00adbeit\u00ader des <span class=\"caps\">DFG<\/span> Pro\u00adjek\u00adtes \u201cKom\u00admu\u00adnika\u00adtion und \u00d6ffentlichkeit: Telegrafie in Britisch-Indi\u00aden, 1849\u20131947\u201d.<\/p>\n\n\n\n<p><strong>1992\u20132005<\/strong> Wis\u00adsenschaftlich\u00ader Assis\u00adtent der Fer\u00adnUni\u00adver\u00adsit\u00e4t Hagen, seit 1999 Hochschuldozent.<\/p>\n\n\n\n<p><strong>1993\u20131994<\/strong> Forschung\u00adspro\u00adjekt der <span class=\"caps\">DFG<\/span>, ein\u00adschl. mehrmonatigem Archiv- und Bib\u00adlio\u00adthek\u00adsaufen\u00adthalt in England.<\/p>\n\n\n\n<p><strong>1992<\/strong> Pro\u00admo\u00adtion im Bere\u00adich der Geschichte S\u00fcdasiens.<\/p>\n\n\n\n<p><strong>1989\u20131990<\/strong> Zehn\u00admonatiger Archivaufen\u00adthalt in Eng\u00adland mit F\u00f6rderung des <span class=\"caps\">DAAD<\/span> im Rah\u00admen der Dis\u00adser\u00adta\u00adtion, Pro\u00admo\u00adtions\u00adf\u00f6rderung durch die Stu\u00addi\u00aden\u00ads\u00adtiftung des Deutschen Volkes.<\/p>\n\n\n\n<p><strong>1981\u20131982, 1985<\/strong> Mehrmonatige Stu\u00addi\u00aden\u00adaufen\u00adthalte in S\u00fcdasien (Sri Lan\u00adka, Nepal, Indien).<\/p>\n\n\n\n<p><strong>Studi\u00adum<\/strong> Studi\u00adum der Geschichte S\u00fcdasiens, Ger\u00adman\u00adis\u00adtik und Indolo\u00adgie an der Uni\u00adver\u00adsit\u00e4t Heidelberg.<\/p>\n\n\n\n<h1 class=\"wp-block-heading\" id=\"publikationen\"><strong>Publications<\/strong><\/h1>\n\n\n\n<h2 class=\"wp-block-heading\">Monographs<\/h2>\n\n\n\n<p><em>Sol\u00addaten\u00adleben: Arbeitsm\u00e4rk\u00adte in Deutsch\u00adland und mil\u00adit\u00e4rische Arbeitsmi\u00adgra\u00adtion nach Asien und Afri\u00adka w\u00e4hrend der europ\u00e4is\u00adchen Kolo\u00adnialkriege in der zweit\u00aden H\u00e4lfte des 18. Jahrhun\u00adderts<\/em>. G\u00f6t\u00adtin\u00adgen: Brill \/ V<span class=\"amp\">&amp;<\/span>R uni\u00adpress, 2026.<\/p>\n\n\n\n<p><em>A British Rome in India: Cal\u00adcut\u00adta \u2014 Cap\u00adi\u00adtal for an Empire. <\/em>Worms: Wern\u00ader\u00adsche Ver\u00adlags\u00adge\u00adsellschaft, 2022.<\/p>\n\n\n\n<p><em>Wiring The Nation: Telecom\u00admu\u00adni\u00adca\u00adtion, News\u00adpa\u00adper-Reportage, and Nation Build\u00ading in British India, 1850\u20131930<\/em>. New Del\u00adhi: Oxford Uni\u00adver\u00adsi\u00adty Press, 2017.<\/p>\n\n\n\n<p><em>South Asi\u00ada\u2019s Mod\u00adern His\u00adto\u00adry: The\u00admat\u00adic Per\u00adspec\u00adtives.&nbsp;<\/em>London\/New York: Rout\u00adledge, 2015.<\/p>\n\n\n\n<p><em>Sahibs, Sklaven und Sol\u00addat\u00aden: Geschichte des Men\u00adschen\u00adhan\u00addels rund um den Indis\u00adchen Ozean<\/em>. Darm\u00adstadt: Wis\u00adsenschaftliche Buchge\u00adsellschaft\/\u00adDarm\u00adstadt-Mainz: Ver\u00adlag Philipp von Zabern, 2012.<\/p>\n\n\n\n<p><em>Geschichte S\u00fcdasiens, 1500 bis heute<\/em>. Darm\u00adstadt: Wis\u00adsenschaftliche Buchge\u00adsellschaft, 2010.<\/p>\n\n\n\n<p><em>Sin\u00adnvolle Geschichte: His\u00adtorische Repr\u00e4sen\u00adta\u00adtio\u00adnen im neuzeitlichen S\u00fcdasien<\/em>. Hei\u00addel\u00adberg: Drau\u00adpa\u00addi Ver\u00adlag,&nbsp;2009.<\/p>\n\n\n\n<p><em>Geschichte Indi\u00adens: Vom 18. bis zum 21. Jahrhun\u00addert<\/em>. Pader\u00adborn etc.: UTB-Sch\u00f6n\u00adingh,&nbsp;2005.<\/p>\n\n\n\n<p><em>Ben\u00adgalen im Umbruch: Die Her\u00adaus\u00adbil\u00addung des britis\u00adchen Kolo\u00adnial\u00adstaates 1754\u20131793<\/em>. Beitr\u00e4ge zur Kolo\u00adnial- und \u00dcberseegeschichte, Band 78. Stuttgart: Stein\u00ader Ver\u00adlag,&nbsp;2000.<\/p>\n\n\n\n<p><em>British Rule on Indi\u00adan Soil: North India in the First Half of the Nine\u00adteenth Cen\u00adtu\u00adry<\/em>. Del\u00adhi: Manohar Pub\u00adlish\u00aders 1999, 2. Auflage 2002. Updat\u00aded and trans\u00adlat\u00aded ver\u00adsion of Britis\u00adche Herrschaft auf indis\u00adchem Boden (Stuttgart: Stein\u00ader Ver\u00adlag,&nbsp;1992).<\/p>\n\n\n\n<p><em>Flot\u00adten\u00adbau und Forst\u00adbe\u00adtrieb in Indi\u00aden 1794\u20131823<\/em>. Beitr\u00e4ge zur S\u00fcdasien\u00adforschung, Band 175. Stuttgart: Stein\u00ader Ver\u00adlag,&nbsp;1996.<\/p>\n\n\n\n<p><em>Britis\u00adche Herrschaft auf indis\u00adchem Boden: Land\u00adwirtschaftliche Trans\u00adfor\u00adma\u00adtion und \u00f6kol\u00ado\u00adgis\u00adche Desta\u00adbil\u00adi\u00adsa\u00adtion des \u201cCen\u00adtral Doab\u201d 1801\u20131854<\/em>. Beitr\u00e4ge zur S\u00fcdasien\u00adforschung, Band 148. Stuttgart: Stein\u00ader Ver\u00adlag,&nbsp;1992.<\/p>\n\n\n\n<h2 class=\"wp-block-heading\">Edited Volumes<\/h2>\n\n\n\n<p><em>Mod\u00adernes Indi\u00aden in deutschen Archiv\u00aden (<span class=\"caps\">MIDA<\/span>): In Memo\u00adri\u00adam Diet\u00admar Rother\u00admund<\/em>. Hei\u00addel\u00adberg: Drau\u00adpa\u00addi Ver\u00adlag,&nbsp;2022.<\/p>\n\n\n\n<p><em>Shan\u00adti\u00adnike\u00adtan Heller\u00adau: New Edu\u00adca\u00adtion in the \u2018Ped\u00ada\u00adgog\u00adic Provinces\u2019 of India and Ger\u00admany<\/em>. Hei\u00addel\u00adberg: Drau\u00adpa\u00addi Ver\u00adlag,&nbsp;2015.<\/p>\n\n\n\n<p>with J\u00fcr\u00adgen G. Nagel: <em>Europa jen\u00adseits der Gren\u00adzen: Festschrift f\u00fcr Rein\u00adhard Wendt<\/em>. Hei\u00addel\u00adberg: Drau\u00adpa\u00addi Ver\u00adlag,&nbsp;2015.<\/p>\n\n\n\n<p>with Ineke Phaf-Rhein\u00adberg\u00ader. <em>Beyond the Line: Cul\u00adtur\u00adal Nar\u00adra\u00adtives of the South\u00adern Oceans<\/em>. Berlin: Neo\u00adfe\u00adlis,&nbsp;2014.<\/p>\n\n\n\n<p>Georg Berke\u00admer (author): <em>Max Weber und Indi\u00aden: Eine Ein\u00adf\u00fchrung<\/em>. Hei\u00addel\u00adberg: Drau\u00adpa\u00addi Ver\u00adlag,&nbsp;2012.<\/p>\n\n\n\n<p>with Hans-Wern\u00ader Tobler: <em>Bauern\u00adwider\u00adstand: Asien und Lateinameri\u00adka in der Neuzeit. <\/em>Wien: Man\u00addel\u00adbaum Ver\u00adlag,&nbsp;2012.<\/p>\n\n\n\n<p>with Carey A. Watt: <em>Civilz\u00ading Mis\u00adsion in Colo\u00adnial and Post\u00adcolo\u00adnial South Asia: From Improve\u00adment to Devel\u00adop\u00adment<\/em>. Lon\u00addon: Anthem Press, 2011.<\/p>\n\n\n\n<p><em>Glob\u00adalgeschichte: Die Welt 1000\u20132000<\/em>,<em> Band 6. Das 19. Jahrhun\u00addert<\/em>. Wien: Man\u00addel\u00adbaum Ver\u00adlag,&nbsp;2009.<\/p>\n\n\n\n<p><em>Aufgek\u00adl\u00e4rter Geist und evan\u00adge\u00adlis\u00adche Mis\u00adsio\u00adnen in Indi\u00aden<\/em>. Hei\u00addel\u00adberg: Drau\u00adpa\u00addi Ver\u00adlag,&nbsp;2008.<\/p>\n\n\n\n<p>The\u00admat\u00adic Focus \u201cGlob\u00adale Geschichtss\u00adchrei\u00adbung um 1900\u201d. <em>Periplus <\/em>18 (2008).<\/p>\n\n\n\n<p>The\u00admat\u00adic Focus \u201cEnvi\u00adron\u00adment and Ecol\u00ado\u00adgy in South Asia Past and Present\u201d. <em>Inter\u00adna\u00adtionales Asien\u00adfo\u00adrum <\/em>38, 3\u20134 (2007).<\/p>\n\n\n\n<p><em>Europ\u00e4is\u00adche Aufk\u00adl\u00e4rung und protes\u00adtantis\u00adche Mis\u00adsion in Indi\u00aden<\/em>. Hei\u00addel\u00adberg: Drau\u00adpa\u00addi Ver\u00adlag,&nbsp;2006.<\/p>\n\n\n\n<p>with Evelin Hust: <em>Urban\u00adiza\u00adtion and Gov\u00ader\u00adnance in India<\/em>. Del\u00adhi: Manohar Pub\u00adlish\u00aders,&nbsp;2005.<\/p>\n\n\n\n<p>with Har\u00adald Fis\u00adch\u00ader-Tin\u00e9: <em>Colo\u00adnial\u00adism as Civ\u00adi\u00adliz\u00ading Mis\u00adsion<\/em>: <em>Cul\u00adtur\u00adal Ide\u00adol\u00ado\u00adgy in British India<\/em>. Lon\u00addon: Anthem Press, 2004.<\/p>\n\n\n\n<p><em>Men\u00adschen\u00adhan\u00addel und erzwun\u00adgene Arbeit in der Neuzeit<\/em>. Leipzig: Leipziger Uni\u00adver\u00adsit\u00e4tsver\u00adlag, zugl. Com\u00adpar\u00ada\u00adtiv 13, 4 (2003).<\/p>\n\n\n\n<p>with Clemens J\u00fcr\u00adgen\u00admey\u00ader, A. Linken\u00adbach et al.: <em>Indi\u00aden: Wege zum besseren Ver\u00adste\u00adhen<\/em>. Gotha\/Stuttgart: Klett-Perthes Ver\u00adlag,&nbsp;2002.<\/p>\n\n\n\n<h2 class=\"wp-block-heading\">Journal Articles<\/h2>\n\n\n\n<p><span class=\"dquo\">\u201c<\/span>Vom Sol\u00addaten\u00adstande: \u00dcber\u00adlegun\u00adgen zu ein\u00ader All\u00adt\u00adags\u00adgeschichte von Sol\u00addat\u00aden im 18. Jahrhun\u00addert\u201d. <em>Mil\u00adit\u00e4rgeschichtliche Zeitschrift<\/em> 81, 2 (2022): pp. 516\u2013552.<\/p>\n\n\n\n<p><span class=\"dquo\">\u201c<\/span>Park Street Ceme\u00adtery, Cal\u00adcut\u00adta (1766\u20131844)\u201d. <em>Die Gartenkun\u00adst<\/em> 33, 2 (2021): pp. 393\u2013412.<\/p>\n\n\n\n<p>zusam\u00admen mit Matthias Schultz: \u201cBran\u00addis the For\u00adgot\u00adten Botanist\u201d. <em>Envi\u00adron\u00adment and His\u00adto\u00adry<\/em> 27, 4 (2021): pp. 581\u2013606.<\/p>\n\n\n\n<p><span class=\"dquo\">\u201c<\/span>Ein englis\u00adch\u00ader Land\u00adschafts\u00adgarten in Indi\u00aden: Bar\u00adrack\u00adpore House and Gar\u00adden bei Cal\u00adcut\u00adta, 1801\u20131823\u201d.<em> Die Gartenkun\u00adst <\/em>30, 2 (2018): pp. 271\u201384.<\/p>\n\n\n\n<p><span class=\"dquo\">\u201c<\/span>Invent\u00aded Supe\u00adri\u00ador\u00adi\u00adty: British Self-Per\u00adcep\u00adtion and Indi\u00adan Respons\u00ades in Colo\u00adnial South Asia\u201d.&nbsp;<em>Com\u00adpar\u00ada\u00adtiv&nbsp;<\/em>25, 5\/6 (2015): pp. 47\u201367.<\/p>\n\n\n\n<p><span class=\"dquo\">\u201c<\/span>Slav\u00ading, Slav\u00adery and Abo\u00adli\u00adtion: A View from the Indi\u00adan Ocean. Notes on Some Recent Pub\u00adli\u00adca\u00adtions\u201d. <em><em>S\u00fcdasien-Chronik \u2013 South Asia Chron\u00adi\u00adcle&nbsp;<\/em><\/em>5<em> <\/em>(2015): pp. 452\u2013480. <a href=\"https:\/\/doi.org\/10.18452\/8508\"><\/a><a href=\"https:\/\/doi.org\/10.18452\/8508\" target=\"_blank\" rel=\"noreferrer noopener\">https:\/\/doi.org\/10.18452\/8508<\/a>.<\/p>\n\n\n\n<p><span class=\"dquo\">\u201c<\/span>Envi\u00adron\u00admen\u00adtal His\u00adto\u00adry and His\u00adto\u00adri\u00adog\u00adra\u00adphy on South Asia\u201d.&nbsp;<em><em><em>S\u00fcdasien-Chronik \u2013 South Asia Chron\u00adi\u00adcle<\/em><\/em><\/em>&nbsp;3 (2013): pp. 324\u2013357. <a href=\"https:\/\/doi.org\/10.18452\/8469\" target=\"_blank\" rel=\"noreferrer noopener\">https:\/\/doi.org\/10.18452\/8469<\/a>.<\/p>\n\n\n\n<p><span class=\"dquo\">\u201c<\/span>Arbeit\u00adsnet\u00adzw\u00aderke im Indis\u00adchen Ozean: Sklaven \u2014 Str\u00e4flinge \u2014 Kulis \u2014 Gas\u00adtar\u00adbeit\u00ader\u201d. <em><em>S\u00fcdasien-Chronik \u2013 South Asia Chron\u00adi\u00adcle<\/em><\/em>&nbsp;1 (2011): pp. 6\u201339. <a href=\"https:\/\/doi.org\/10.18452\/17930\" target=\"_blank\" rel=\"noreferrer noopener\">https:\/\/doi.org\/10.18452\/17930<\/a>.<\/p>\n\n\n\n<p><span class=\"dquo\">\u201c<\/span>The Deep Dig\u00adi\u00adtal Divide: The Tele\u00adphone in British India, 1883\u20131933\u201d. <em>His\u00adtor\u00adi\u00adcal Social Research\/Historische Sozial\u00adforschung <\/em>35, 1 (2010): pp. 188\u2013208.<\/p>\n\n\n\n<p><span class=\"dquo\">\u201c<\/span>Telegrafie in Britisch-Indi\u00aden: Ein glob\u00adalgeschichtich\u00ades Par\u00ada\u00addig\u00adma\u201d. <em>Com\u00adpar\u00ada\u00adtiv <\/em>19, 6 (2009): pp. 86\u2013112.<\/p>\n\n\n\n<p>zusam\u00admen mit Samik\u00adsha Sehrawat: \u201cA City with a View: The Afforesta\u00adtion of the Del\u00adhi Ridge, 1883 \u2014 1913\u201d. <em>Mod\u00adern Asian Stud\u00adies<\/em> 43, 2 (2009): pp. 543\u2013570.<\/p>\n\n\n\n<p><span class=\"dquo\">\u201c<\/span>Vom Nutzen der Geschichte: His\u00adtorische Repr\u00e4sen\u00adta\u00adtio\u00adnen in S\u00fcdasien\u201d. Periplus 18 (2008): pp. 68\u201394.<\/p>\n\n\n\n<p><span class=\"dquo\">\u201c<\/span>Col\u00adlec\u00adtors at Work: Data Gath\u00ader\u00ading and Sta\u00adtis\u00adtics in British India, c. 1760\u20131860\u201d. <em>Jour\u00adnal of the Asi\u00adat\u00adic Soci\u00adety of Bangladesh <\/em>(Hum.) 52, 1 (2007): pp. 57\u201384.<\/p>\n\n\n\n<p><span class=\"dquo\">\u201c<\/span>Del\u00adhi\u2019s Bel\u00adly: The Man\u00adage\u00adment of Water, Sew\u00ader\u00adage and Exc\u00adre\u00adta in a Chang\u00ading Urban Envi\u00adron\u00adment dur\u00ading the Nine\u00adteenth Cen\u00adtu\u00adry\u201d. <em>Stud\u00adies in His\u00adto\u00adry<\/em> 23, 1 (2007): pp. 1\u201331.<\/p>\n\n\n\n<p><span class=\"dquo\">\u201c<\/span>Recht\u00adsausle\u00adgung im kolo\u00adnialen Indi\u00aden: Islamis\u00adches Recht und Hin\u00addu Recht unter britis\u00adch\u00ader Recht\u00adsprechung, 1765\u20131864\u201d. Online-Pub\u00adlika\u00adtion: <a href=\"http:\/\/archiv.ub.uni-heidelberg.de\/savifadok\/volltexte\/2007\/48\/pdf\/Mann_erste_Seite_01Kopie.pdf\">Sav\u00adi\u00adfaDok<\/a> (2007).<\/p>\n\n\n\n<p><span class=\"dquo\">\u201c<\/span>Kolo\u00adnial\u00adis\u00admus in den Zeit\u00aden der Cholera: Zum Stre\u00adit zwis\u00adchen Robert Koch, Max Pet\u00adtenkofer und James Cun\u00ading\u00adham \u00fcber die Ursachen ein\u00ader epi\u00addemis\u00adchen Krankheit\u201d. <em>Com\u00adpar\u00ada\u00adtiv <\/em>15, 5\/6 (2005): pp. 80\u2013106.<\/p>\n\n\n\n<p><span class=\"dquo\">\u201c<\/span>Tur\u00adbu\u00adlent Del\u00adhi: Reli\u00adgious Strife, Social Ten\u00adsion and Polit\u00adi\u00adcal Con\u00adflicts, 1803\u20131857\u201d. <em>South Asia <\/em>28, 1 (2005): pp. 5\u201334.<\/p>\n\n\n\n<p><span class=\"dquo\">\u201c<\/span>Empirische Eilande: Inseln als Lab\u00ado\u00adra\u00adto\u00adrien der europ\u00e4is\u00adchen Expan\u00adsion\u201d. <em>Jahrbuch f\u00fcr Europ\u00e4is\u00adche \u00dcberseegeschichte <\/em>5 (2005): pp. 27\u201353.<\/p>\n\n\n\n<p><span class=\"dquo\">\u201c<\/span>Die M\u00e4r von der freien Lohnar\u00adbeit: Men\u00adschen\u00adhan\u00addel und erzwun\u00adgene Arbeit in der Neuzeit. Ein ein\u00adlei\u00adt\u00aden\u00adder Essay\u201d. In: Mann, Michael (Hg.), <em>Men\u00adschen\u00adhan\u00addel und unfreie Arbeit<\/em>. Leipzig: Leipziger Uni\u00adver\u00adsit\u00e4tsver\u00adlag (= Com\u00adpar\u00ada\u00adtiv 13, 4), 2003, pp. 7\u201322.<\/p>\n\n\n\n<p><span class=\"dquo\">\u201c<\/span>Forestry and Famine in the Cham\u00adbal-Jam\u00adna Doab, 1879\u20131919\u201d. <em>Stud\u00adies in His\u00adto\u00adry<\/em> 19, 2 (2003): pp. 253\u2013277.<\/p>\n\n\n\n<p><span class=\"dquo\">\u201c<\/span>Labour, Migra\u00adtion and Dias\u00adpo\u00adra of South-Asians, 1720\u20131980: A Review Essay\u201d. <em>Inter\u00adna\u00adtionales Asien\u00adfo\u00adrum <\/em>34 (2003): pp. 331\u2013361.<\/p>\n\n\n\n<p><span class=\"dquo\">\u201c<\/span>Map\u00adping the Coun\u00adtry: Euro\u00adpean Geog\u00adra\u00adphy and the Car\u00adto\u00adgraph\u00adi\u00adcal Con\u00adstruc\u00adtion of India, 1760\u20131790\u201d. <em>Sci\u00adence, Tech\u00adnol\u00ado\u00adgy and Soci\u00adety <\/em>8 (2003): pp. 25\u201346.<\/p>\n\n\n\n<p><span class=\"dquo\">\u201c<\/span>From Ledger to Bud\u00adget: British Fis\u00adcal Impe\u00adri\u00adal\u00adism, 1750\u20131800\u201d. <em>Inter\u00adna\u00adtionales Asien\u00adfo\u00adrum<\/em> 33 (2002): pp. 247\u2013270.<\/p>\n\n\n\n<p><span class=\"dquo\">\u201c<\/span>Von KHIL\u2019AT zum <span class=\"caps\">STAR<\/span> <span class=\"caps\">OF<\/span> <span class=\"caps\">INDIA<\/span>: Zu Herrschaft\u00adsle\u00adgit\u00adim\u00adit\u00e4t und Wider\u00adstand in Indi\u00aden, 1720\u20131860\u201d. <em>Jahrbuch f\u00fcr Europ\u00e4is\u00adche \u00dcberseegeschichte <\/em>2 (2002): pp. 41\u201370.<\/p>\n\n\n\n<p><span class=\"dquo\">\u201c<\/span>The Ben\u00adgal Per\u00adma\u00adnent Set\u00adtle\u00adment of 1793: Social Stag\u00adna\u00adtion or Social Rev\u00ado\u00adlu\u00adtion? A Reap\u00adpraisal\u201d. <em>Ben\u00adgal Past and Present <\/em>120 (2001): pp. 23\u201350.<\/p>\n\n\n\n<p><span class=\"dquo\">\u201c<\/span>Garten\u00adstadt Heller\u00adau oder die Ver\u00adb\u00fcrg\u00ader\u00adlichung ein\u00ader urba\u00adnen Utopie\u201d. <em>His\u00adtorische Anthro\u00adpolo\u00adgie<\/em> 9 (2001): pp. 384\u2013410.<\/p>\n\n\n\n<p><span class=\"dquo\">\u201c<\/span>Tim\u00adber Trade on the Mal\u00adabar Coast, c. 1780\u20131840\u201d. Envi\u00adron\u00adment and His\u00adto\u00adry 7 (2001): pp. 403\u2013425.<\/p>\n\n\n\n<p><span class=\"dquo\">\u201c<\/span>Mod\u00adern His\u00adto\u00adry of South Asia: A Selec\u00adtion of Recent Pub\u00adli\u00adca\u00adtions\u201d. <em>Inter\u00adna\u00adtionales Asien\u00adfo\u00adrum<\/em> 31 (2000): pp. 315\u2013356.<\/p>\n\n\n\n<p><span class=\"dquo\">\u201c<\/span>Del\u00adhi 1638\u20131948: Topogra\u00adphie und Mor\u00adpholo\u00adgie\u201d. <em>Periplus <\/em>6 (1996): pp. 76\u201398.<\/p>\n\n\n\n<p><span class=\"dquo\">\u201c<\/span>A Per\u00adma\u00adnent Set\u00adtle\u00adment for the Ced\u00aded and Con\u00adquered Provinces: Rev\u00adenue Admin\u00adis\u00adtra\u00adtion in North India, 1801\u20131833\u201d. <em>Indi\u00adan Eco\u00adnom\u00adic and Social His\u00adto\u00adry Review <\/em>32 (1995): pp. 245\u2013269.<\/p>\n\n\n\n<p><span class=\"dquo\">\u201c<\/span>Eco\u00adlog\u00adi\u00adcal Change in North India: Defor\u00adesta\u00adtion and Agrar\u00adi\u00adan Dis\u00adtress in the Gan\u00adga-Jam\u00adna Doab, 1800\u20131850\u201d. <em>Envi\u00adron\u00adment and His\u00adto\u00adry<\/em> 1 (1995): pp. 201\u2013220.<\/p>\n\n\n\n<p><span class=\"dquo\">\u201c<\/span>Ver\u00adar\u00admung der Bauern in Nordin\u00addi\u00aden im 19. Jahrhun\u00addert\u201d. <em>Inter\u00adna\u00adtionales Asien\u00adfo\u00adrum<\/em> 22 (1991): pp. 197\u2013218.<\/p>\n\n\n\n<h2 class=\"wp-block-heading\">Contributions to Edited Volumes<\/h2>\n\n\n\n<p><span class=\"dquo\">\u201c<\/span>Madras City, 1630s-1740s: Approach\u00ading the Social His\u00adto\u00adry of a Chang\u00ading Urban Land\u00adscape.\u201d&nbsp;In: Delfs, Tobias <span class=\"amp\">&amp;<\/span> Heike Liebau (eds),&nbsp;<em>Ben\u00adjamin Schultze\u2019s Dia\u00adlogue Book on Madras: A Crit\u00adi\u00adcal Approach to a Cul\u00adtur\u00adal-his\u00adtor\u00adi\u00adcal Mis\u00adsion\u00adary Source<\/em>. Halle: Ver\u00adlag der Franck\u00adeschen Stiftun\u00adgen Halle 2026), pp. 13\u201347.<\/p>\n\n\n\n<p>with Mar\u00adtin Bem\u00admann: \u201cKolo\u00adniale Ressource Holz\u201d. In: Engel, Alexan\u00adder <span class=\"amp\">&amp;<\/span> Eva Brug\u00adger (eds.), <em>Kolo\u00adnial\u00adis\u00admus und \u00d6konomie<\/em> (Hand\u00adb\u00fcch\u00ader zur Wirtschafts\u00adgeschichte). G\u00f6t\u00adtin\u00adgen: De Gruyter [in&nbsp;print].<\/p>\n\n\n\n<p><span class=\"dquo\">\u201c<\/span>Struc\u00adtur\u00ading the Colo\u00adnial Cap\u00adi\u00adtal: Calcutta\u2019s Streets and Squares, 1798\u20131826\u201d. In: Nagel, J\u00fcr\u00adgen G. <span class=\"amp\">&amp;<\/span> Hans Hein\u00adrich Nolte (eds.), <em>Impe\u00adri\u00adales Bauen: Architek\u00adtur und Stadt\u00adpla\u00adnung im Kon\u00adtext gro\u00dfer Reiche<\/em> (Glob\u00adal \u2013 Lokal. Beitr\u00e4ge zur Geschichte Europas in der Welt, 1). Hagen: Hagen Uni\u00adver\u00adsi\u00adty Press, 2023, pp. 197\u2013223.<\/p>\n\n\n\n<p><span class=\"dquo\">\u201c<\/span>Pre\u00adlude: Imag\u00adi\u00adna\u00adtions of India\u201d. In: Kulke, Tilman <span class=\"amp\">&amp;<\/span> Anna Kol\u00adlatz (eds.), <em>Nar\u00adra\u00adtive Strate\u00adgies for India in Tran\u00adsi\u00adtion<\/em>. Berlin: EB-Ver\u00adlag, 2023, pp. 49\u201363.<\/p>\n\n\n\n<p><span class=\"dquo\">\u201c<\/span>Vom Karako\u00adram zur Koro\u00adman\u00addel-K\u00fcste: Han\u00addel\u00adsrouten in S\u00fcdasien von den Anf\u00e4n\u00adgen bis in die Fr\u00fche Neuzeit\u201d. In:&nbsp;Sut\u00adner, Philipp A. (ed.), <em>Land\u00adhan\u00addel\u00adsrouten: Adern des Waren- und Ideenaus\u00adtauschs, 500 v. \u2014 1500 n. Chr.<\/em> Wien: Man\u00addel\u00adbaum Ver\u00adlag, 2022, pp. 64\u201385.<\/p>\n\n\n\n<p><span class=\"dquo\">\u201c<\/span>State For\u00adma\u00adtion in India: From the Com\u00adpa\u00adny State to the Late Colo\u00adnial State\u201d. In: Fis\u00adch\u00ader-Tin\u00e9, Har\u00adald <span class=\"amp\">&amp;<\/span> Maria Framke (eds.), <em>Rout\u00adledge Hand\u00adbook of the His\u00adto\u00adry of Colo\u00adnial\u00adism in South Asia<\/em>. London\/New York: Rout\u00adledge, 2022, pp. 36\u201347.<\/p>\n\n\n\n<p><span class=\"dquo\">\u201c<\/span>Franz Wrede: Hei\u00addel\u00adberg\u00ader Beamten\u00adsohn in Dien\u00adsten der Vereenig\u00adden Oost\u00adindis\u00adchen Com\u00adpag\u00adnie und East India Com\u00adpa\u00adny, ca. 1785\u20131805\u201d. In: Mann, Michael (ed.),<em> Mod\u00adernes Indi\u00aden in deutschen Archiv\u00aden (<span class=\"caps\">MIDA<\/span>): In Memo\u00adri\u00adam Diet\u00admar Rother\u00admund<\/em>.&nbsp;Hei\u00addel\u00adberg: Drau\u00adpa\u00addi Ver\u00adlag, 2022, pp. 197\u2013236.<\/p>\n\n\n\n<p><span class=\"dquo\">\u201c<\/span>Syed Ahmad Khan, Asbab-e-Baghawat-e-Hind (The Caus\u00ades of the Indi\u00adan Revolt) (1857)\u201d. In: Brock\u00ader, Man\u00adfred (ed.), <em>Geschichte des poli\u00adtis\u00adchen Denkens: Das 19. Jahrhun\u00addert<\/em>. Berlin: Suhrkamp Ver\u00adlag, 2021, pp. 458\u2013470.<\/p>\n\n\n\n<p><span class=\"dquo\">\u201c<\/span>Built Sov\u00ader\u00adeign\u00adty: Design\u00ading Cal\u00adcut\u00adta between 1772 and 1824\u201d. In: Roy, Anu\u00adrad\u00adha <span class=\"amp\">&amp;<\/span> Melit\u00adta Walig\u00ado\u00adra (eds.), <em>Kolkata in Space, Time, and Imag\u00adi\u00adna\u00adtion<\/em>. Del\u00adhi: Primus Books, 2019, pp. 3\u201333.<\/p>\n\n\n\n<p><span class=\"dquo\">\u201c<\/span>Leben\u00adsre\u00adform at Heller\u00adau: From Urban Utopia to Sub-Urban Set\u00adtle\u00adment\u201d. In: Mann, Michael (ed.),<em> Shan\u00adti\u00adnike\u00adtan Heller\u00adau: New Edu\u00adca\u00adtion in the \u2018Ped\u00ada\u00adgog\u00adic Provinces\u2019 of India and Ger\u00admany<\/em>. Hei\u00addel\u00adberg: Drau\u00adpa\u00addi Ver\u00adlag, 2015, pp. 121\u2013141.<\/p>\n\n\n\n<p><span class=\"dquo\">\u201c<\/span>India 1989: Over\u00adcom\u00ading the Post-Colo\u00adnial State\u201d. In: Engel, Ulf, Frank Hadler <span class=\"amp\">&amp;<\/span> Matthias Mid\u00addell (eds.),&nbsp;<em>1989 in a Glob\u00adal Per\u00adspec\u00adtive<\/em>. Leipzig: Leipziger Uni\u00adver\u00adsit\u00e4tsver\u00adlag, 2015, pp. 259\u2013295.<\/p>\n\n\n\n<p><span class=\"dquo\">\u201c<\/span>Cholera in den Zeit\u00aden der Glob\u00adal\u00adisierung: Oder wie die Welt in zwei Teile zer\u00adf\u00e4llt\u201d. In: Mann, Michael <span class=\"amp\">&amp;<\/span> J\u00fcr\u00adgen G. Nagel (eds.), <em>Europa jen\u00adseits der Gren\u00adzen: Festschrift f\u00fcr Rein\u00adhard Wendt<\/em>. Hei\u00addel\u00adberg: Drau\u00adpa\u00addi Ver\u00adlag, 2015, pp. 389\u2013431.<\/p>\n\n\n\n<p><span class=\"dquo\">\u201c<\/span>Rev\u00ado\u00adlu\u00adtions, State-For\u00adma\u00adtion and the Reor\u00adgan\u00adi\u00adsa\u00adtion of the Mughal Empire\u201d. In: Mid\u00addell, Matthias (ed.),&nbsp;<em>Cul\u00adtur\u00adal Trans\u00adfers, Encoun\u00adters and Con\u00adnec\u00adtions in the Glob\u00adal 18th Cen\u00adtu\u00adry<\/em>. Leipzig: Leipziger Uni\u00adver\u00adsit\u00e4tsver\u00adlag, 2014, pp. 261\u2013286.<\/p>\n\n\n\n<p><span class=\"dquo\">\u201c<\/span>Life on the Water: Sol\u00addiers, Slaves and Oth\u00ader Sub\u00adal\u00adterns on Board of Ships in the Indi\u00adan Ocean\u201d. In: Mann, Michael <span class=\"amp\">&amp;<\/span> Ineke Phaf-Rhein\u00adberg\u00ader (eds.), <em>Beyond the Line: Cul\u00adtur\u00adal Nar\u00adra\u00adtives of the South\u00adern<\/em>. Berlin: Neo\u00adfe\u00adlis, 2014, pp. 53\u201394.<\/p>\n\n\n\n<p><span class=\"dquo\">\u201c<\/span>Teleg\u00adra\u00adphy and the Emer\u00adgence of an All-India Pub\u00adlic Sphere\u201d. In: Hampf, Michaela <span class=\"amp\">&amp;<\/span> Simone M\u00fcller-Pohl (eds.), <em>Glob\u00adal Com\u00admu\u00adni\u00adca\u00adtion Elec\u00adtric. Busi\u00adness, News and Pol\u00adi\u00adtics in the World of Teleg\u00adra\u00adphy<\/em>. Frankfurt\/New York: Peter Lang Ver\u00adlag, 2013, pp. 197\u2013222.<\/p>\n\n\n\n<p><span class=\"dquo\">\u201c<\/span>Die R\u00fcck\u00adkehr der rebel\u00adlis\u00adchen Bauern: Eine Her\u00adan\u00adf\u00fchrung\u201d. In: Mann, Michael <span class=\"amp\">&amp;<\/span> Hans-Wern\u00ader Tobler (eds.), <em>Bauern\u00adwider\u00adstand: Asien und Lateinameri\u00adka in der Neuzeit<\/em>. Wien: Man\u00addel\u00adbaum Ver\u00adlag, 2012, pp. 11\u201327.<\/p>\n\n\n\n<p><span class=\"dquo\">\u201c<\/span>Bauer\u00adnauf\u00adst\u00e4nde auf dem Indis\u00adchen Sub\u00adkon\u00adti\u00adnent im sp\u00e4ten 18. und fr\u00fchen 19. Jahrhun\u00addert: Ann\u00e4herung an eine Sozialgeschichte S\u00fcdasiens von unten\u201d. In: Mann, Michael <span class=\"amp\">&amp;<\/span> Hans-Wern\u00ader Tobler (eds.), <em>Bauern\u00adwider\u00adstand: Asien und Lateinameri\u00adka in der Neuzeit<\/em>. Wien: Man\u00addel\u00adbaum Ver\u00adlag, 2012, pp. 121\u2013149.<\/p>\n\n\n\n<p><span class=\"dquo\">\u201c<\/span>Cir\u00adcu\u00adla\u00adtion and Migra\u00adtion\u201d. In: Levine, Philip\u00adpa <span class=\"amp\">&amp;<\/span> John Mar\u00adi\u00adott (eds.), <em>The Ash\u00adgate Research Com\u00adpan\u00adion to <span class=\"caps\">MODERN<\/span> <span class=\"caps\">IMPERIAL<\/span> <span class=\"caps\">HISTORIES<\/span><\/em>. Farnam\/Burlington: Ash\u00adgate Pub\u00adlish\u00ading Lim\u00adit\u00aded, 2012, pp. 377\u2013393.<\/p>\n\n\n\n<p><span class=\"dquo\">\u201c<\/span>Forestry and Famine in the Cham\u00adbal-Jam\u00adna Doab, 1879\u20131919\u201d. In Ran\u00adgara\u00adjan, M. <span class=\"amp\">&amp;<\/span> K. Sivara\u00admakr\u00adish\u00adnan (eds.), <em>Indi\u00ada\u2019s Envi\u00adron\u00admen\u00adtal His\u00adto\u00adry. From Ancient Times to the Colo\u00adnial Peri\u00adod<\/em>. Ranikhet: Per\u00adma\u00adnent Black, 2012, pp. 431\u2013455 (reprint of <em>Stud\u00adies in His\u00adto\u00adry<\/em> 19, 2 (2003): pp. 253\u2013277).<\/p>\n\n\n\n<p><span class=\"dquo\">\u201c<\/span>Del\u00adhi-Metro-Polis: Pub\u00adlic Trans\u00adport, Pub\u00adlic Opin\u00adion and Nation\u00adal Pol\u00adi\u00adtics\u201d. In: Hilger, Andreas <span class=\"amp\">&amp;<\/span> Corin\u00adna R. Unger (eds.), <em>India in the World since 1947: Nation\u00adal and Transna\u00adtion\u00adal Per\u00adspec\u00adtives<\/em>. Frank\u00adfurt am Main: Peter Lang GmbH Inter\u00adna\u00adtionaler Ver\u00adlag der Wis\u00adsenschaften, 2012, pp. 136\u2013161.<\/p>\n\n\n\n<p><span class=\"dquo\">\u201c<\/span>Migra\u00adtion \u2014 Re-migra\u00adtion \u2014 Cir\u00adcu\u00adla\u00adtion: South Asian Kulis in the Indi\u00adan Ocean and Beyond, 1840\u20131940\u201d. In: Gabac\u00adcia, Don\u00adna R. <span class=\"amp\">&amp;<\/span> Dirk Hoerder (eds.), <em>Con\u00adnect\u00ading Seas and Con\u00adnect\u00aded Ocean Rims: Indi\u00adan, Atlantic, and Pacif\u00adic Oceans and Chi\u00adna Seas Migra\u00adtions from the 1830s to the 1930s<\/em>. Leyden\/Boston: Brill, 2011, pp. 108\u2013133.<\/p>\n\n\n\n<p><span class=\"dquo\">\u201c<\/span>Art, Arte\u00adfacts and Archi\u00adtec\u00adture: Lord Cur\u00adzon, the Del\u00adhi Arts Exhi\u00adbi\u00adtion of 1902-03 and the Improve\u00adment of Indi\u00ada\u2019s Aes\u00adthet\u00adics\u201d. In: Watt, Carey A. <span class=\"amp\">&amp;<\/span> Michael Mann (eds.), Civ\u00adi\u00adliz\u00ading <em>Mis\u00adsions in Colo\u00adnial and Post\u00adcolo\u00adnial South Asia: From Improve\u00adment to Devel\u00adop\u00adment<\/em>. London\/New York: Anthem Press, 2011, pp. 65\u201389.<\/p>\n\n\n\n<p><span class=\"dquo\">\u201c<\/span>Ein langes 18. Jahrhun\u00addert: S\u00fcdasien\u201d. In: Haus\u00adberg\u00ader, Bernd <span class=\"amp\">&amp;<\/span> Jean-Paul Lehn\u00aders (eds.), <em>Glob\u00adalgeschichte: Die Welt 1000\u20132000<\/em>, <em>Band 5. Das 18. Jahrhun\u00addert<\/em>. Wien: Man\u00addel\u00adbaum Ver\u00adlag, 2011, pp. 274\u2013301.<\/p>\n\n\n\n<p><span class=\"dquo\">\u201c<\/span>Der lange Kampf um nationale Selb\u00adst\u00adbes\u00adtim\u00admung: S\u00fcdasien\u201d. In: Tobler, Hans-Wern\u00ader (ed.), <em>Glob\u00adalgeschichte: Die Welt 1000\u20132000, Band 7. Die erste H\u00e4lfte des 20. Jahrhun\u00adderts<\/em>. Wien: Man\u00addel\u00adbaum Ver\u00adlag, 2010, pp. 222\u2013252.<\/p>\n\n\n\n<p><span class=\"dquo\">\u201c<\/span>Der ungeliebte Krieg: Com\u00adpag\u00adnie des Indes und East India Com\u00adpa\u00adny als Kom\u00adbat\u00adtan\u00adten in einem glob\u00adalen Kon\u00adflikt, 1742\u20131763\u201d. In: Extern\u00adbrink, Sven (ed.), <em>Der Sieben\u00adj\u00e4hrige Krieg als (europ\u00e4is\u00adch\u00ader) Weltkrieg<\/em>. Berlin: Akademie-Ver\u00adlag, 2010, pp. 99\u2013126.<\/p>\n\n\n\n<p><span class=\"dquo\">\u201c<\/span>Geografie in Wis\u00adsenschaft und Unter\u00adricht: Die Glauchaer Anstal\u00adten zu Halle, die Mis\u00adsion\u00adare in Tran\u00adque\u00adbar und die Kar\u00adtografie Indi\u00adens im 18. Jahrhun\u00addert\u201d. In: Liebau, Heike, Andreas Nehring <span class=\"amp\">&amp;<\/span> Brigitte Kloster\u00adberg (eds.), <em>Mis\u00adsion und Forschung: Translokale Wis\u00adsenspro\u00adduk\u00adtion zwis\u00adchen Indi\u00aden und Europa im 18. und 19. Jahrhun\u00addert<\/em>. Halle: Ver\u00adlag der Franck\u00adeschen Stiftun\u00adgen, 2010, pp. 115\u2013139.<\/p>\n\n\n\n<p><span class=\"dquo\">\u201c<\/span>Ein\u00adlei\u00adt\u00adende \u00dcber\u00adlegun\u00adgen zu ein\u00ader Glob\u00adalgeschichte des 19. Jahrhun\u00adderts\u201d. In: Mann, Michael (ed.), <em>Glob\u00adalgeschichte: Die Welt 1000\u20132000<\/em>, <em>Band 6. Das 19. Jahrhun\u00addert<\/em>. Wien: Man\u00addel\u00adbaum Ver\u00adlag, 2009, pp. 11\u201333.<\/p>\n\n\n\n<p><span class=\"dquo\">\u201c<\/span>Vom Wer\u00adden eines Imperi\u00adums\u201d. In: Mann, Michael (ed.), <em>Glob\u00adalgeschichte: Die Welt 1000\u20132000<\/em>, <em>Band 6. Das 19. Jahrhun\u00addert<\/em>. Wien: Man\u00addel\u00adbaum Ver\u00adlag, 2009, pp. 125\u2013154.<\/p>\n\n\n\n<p><span class=\"dquo\">\u201c<\/span>Das Gro\u00dfre\u00adich der Moguln: S\u00fcdasien und der Indis\u00adche Ozean im 17. Jahrhun\u00addert\u201d. In: Haus\u00adberg\u00ader, Bernd (ed.), <em>Glob\u00adalgeschichte: Die Welt 1000-<\/em>2000, <em>Band 4. Das 17. Jahrhun\u00addert<\/em>. Essen: Mag\u00adnus Verlag\/Wien: Man\u00addel\u00adbaum Ver\u00adlag, 2008, pp. 26\u201349.<\/p>\n\n\n\n<p><span class=\"dquo\">\u201c<\/span>Mobil\u00adit\u00e4t und Migra\u00adtion von Men\u00adschen in und aus S\u00fcdasien, 1840 bis 1990\u201d. In: Kraler, Albert et al. (eds.), <em>Migra\u00adtion und Glob\u00adalgeschichte<\/em>. Wien: Man\u00addel\u00adbaum Ver\u00adlag, 2007, pp. 199\u2013221.<\/p>\n\n\n\n<p><span class=\"dquo\">\u201c<\/span>Indi\u00aden ist eine Kar\u00adriere: Biografis\u00adche Skizzen deutsch\u00ader S\u00f6ld\u00adner, Rat\u00adsher\u00adren und Medi\u00adzin\u00ader in S\u00fcdasien, 1500\u20131800.\u201d In: Den\u00adzel, Markus A. (ed.), <em>Deutsche Eliten in \u00dcbersee<\/em>. Leipzig: Scrip\u00adta Mer\u00adcu\u00adratae, 2006, pp. 249\u2013290.<\/p>\n\n\n\n<p><span class=\"dquo\">\u201c<\/span>Vision und Real\u00adit\u00e4t ein\u00ader wer\u00adden\u00adden Mega-City: Del\u00adhi 1947\u20131981\u201d. In: Schwen\u00adtk\u00ader, Wolf\u00adgang (ed.), <em>Megast\u00e4dte im sozialgeschichtlichen Ver\u00adgle\u00adich, 1920\u20131970<\/em>. G\u00f6t\u00adtin\u00adgen: Van\u00adden\u00adhoek und Ruprecht, 2006, pp. 188\u2013214.<\/p>\n\n\n\n<p><span class=\"dquo\">\u201c<\/span>Aufgek\u00adl\u00e4rter Geist, phil\u00adan\u00adthropis\u00adche Bil\u00addung und mis\u00adsion\u00adar\u00adisch\u00ader Eifer: Ein ein\u00adlei\u00adt\u00aden\u00adder Essay\u201d. In: Mann, Michael (ed.), <em>Europ\u00e4is\u00adche Aufk\u00adl\u00e4rung und protes\u00adtantis\u00adche Mis\u00adsion in Indi\u00aden<\/em>. Hei\u00addel\u00adberg: Drau\u00adpa\u00addi Ver\u00adlag, 2006, pp. 7\u201328.<\/p>\n\n\n\n<p><span class=\"dquo\">\u201c<\/span>Kar\u00adnatak: Poli\u00adtik, Wirtschaft und Gesellschaft im 18. Jahrhun\u00addert\u201d. In: Mann, Michael (ed.), <em>Europ\u00e4is\u00adche Aufk\u00adl\u00e4rung und protes\u00adtantis\u00adche Mis\u00adsion in Indi\u00aden<\/em>. Hei\u00addel\u00adberg: Drau\u00adpa\u00addi Ver\u00adlag, 2006, pp. 55\u201377.<\/p>\n\n\n\n<p><span class=\"dquo\">\u201c<\/span>Meta\u00admor\u00adpho\u00adsen ein\u00ader Mil\u00adlio\u00adnen\u00adstadt: Del\u00adhi 1911\u20131977\u201d. In: Ahu\u00adja, Ravi <span class=\"amp\">&amp;<\/span> Chris\u00adtiane Bro\u00adsius (eds.), <em>Mum\u00adbai \u2014 Del\u00adhi \u2014 Kolkata: Ann\u00e4herun\u00adgen an die Megast\u00e4dte <\/em>Indi\u00adens. Hei\u00addel\u00adberg: Drau\u00adpa\u00addi Ver\u00adlag, 2006, pp. 127\u2013141.<\/p>\n\n\n\n<p><span class=\"dquo\">\u201c<\/span>Pomp and Cir\u00adcum\u00adstance in Del\u00adhi, 1876\u20131937 oder: Die hohle Kro\u00adne des British Raj\u201d. In: Brandt, Peter, Arthur Schlegelmilch <span class=\"amp\">&amp;<\/span> Rein\u00adhard Wendt (eds.), <em>Sym\u00adbol\u00adis\u00adche Macht und insze\u00adnierte Staatlichkeit: \u2018Ver\u00adfas\u00adsungskul\u00adtur\u2019 als Ele\u00adment der Ver\u00adfas\u00adsungs-Geschichte<\/em>. Bonn: Dietz Ver\u00adlag, 2005, pp. 101\u2013134.<\/p>\n\n\n\n<p><span class=\"dquo\">\u201c<\/span>Town Plan\u00adning and Urban Resis\u00adtance in the Old City of Del\u00adhi, 1937\u20131977\u201d. In: Hust, Evelin <span class=\"amp\">&amp;<\/span> Michael Mann (eds.), <em>Urban\u00adiza\u00adtion and Gov\u00ader\u00adnance in India<\/em>. Del\u00adhi: Manohar Pub\u00adlish\u00aders, 2005, pp. 251\u2013278.<\/p>\n\n\n\n<p><span class=\"dquo\">\u201c<\/span>&nbsp;\u2018How many peo\u00adple were cry\u00ading oceans\u2026 .\u2019: S\u00fcdasi\u00adatis\u00adche Migranten im Indis\u00adchen Ozean\u201d. In: Rother\u00admund, Diet\u00admar <span class=\"amp\">&amp;<\/span> Susanne Weigelin-Schwiedrzik (eds.), <em>Der Indis\u00adche Ozean: Das afro-asi\u00adatis\u00adche Mit\u00adtelmeer als Kul\u00adtur- und Wirtschaft\u00adsraum<\/em>. Wien: Pro\u00adme\u00addia, 2004, pp. 123\u2013144.<\/p>\n\n\n\n<p><span class=\"dquo\">\u201c<\/span>Das \u2018Gewalt-Dis\u00adpos\u00adi\u00adtiv\u2019 des mod\u00ader\u00adnen Kolo\u00adnial\u00adis\u00admus\u201d. In: Dabag, Mihran, Horst Gr\u00fcn\u00adder <span class=\"amp\">&amp;<\/span> Diet\u00admar Rother\u00admund (eds.), <em>Kolo\u00adnial\u00adis\u00admus, Kolo\u00adniald\u00adiskurs und Genozid<\/em>. Pader\u00adborn: Fink Ver\u00adlag, 2004, pp. 54\u201378.<\/p>\n\n\n\n<p><span class=\"dquo\">\u201c<\/span>Deal\u00ading with Ori\u00aden\u00adtal Despo\u00adtism: British Juris\u00addic\u00adtion in Ben\u00adgal, 1772\u20131793\u201d. In: Fis\u00adch\u00ader-Tin\u00e9, Har\u00adald <span class=\"amp\">&amp;<\/span> Michael Mann (eds.), <em>Colo\u00adnial\u00adism as Civ\u00adi\u00adliz\u00ading Mis\u00adsion: Cul\u00adtur\u00adal Ide\u00adol\u00ado\u00adgy in British India<\/em>. Lon\u00addon: Anthem Press, 2004, pp. 29\u201348.<\/p>\n\n\n\n<p><span class=\"dquo\">\u201c<\/span>&nbsp;\u2018Torch\u00adbear\u00aders Upon the Path of Progress\u2019 \u2014 Britain\u2019s Ide\u00adol\u00ado\u00adgy of \u2018Mate\u00adr\u00adi\u00adal and Moral Progress\u2019 in India: An Intro\u00adduc\u00adto\u00adry Essay\u201d. In: Fis\u00adch\u00ader-Tin\u00e9, Har\u00adald <span class=\"amp\">&amp;<\/span> Michael Mann (eds.), <em>Colo\u00adnial\u00adism as Civ\u00adi\u00adliz\u00ading Mis\u00adsion: Cul\u00adtur\u00adal Ide\u00adol\u00ado\u00adgy in British India<\/em>. Lon\u00addon: Anthem Press, 2004, pp. 1\u201326.<\/p>\n\n\n\n<p><span class=\"dquo\">\u201c<\/span>Natur und Kul\u00adtur: Umwelt\u00adgeschichte S\u00fcdasiens ca. 1700\u20132001\u201d. In: Preisen\u00addanz, Karin <span class=\"amp\">&amp;<\/span> Diet\u00admar Rother\u00admund (eds.), <em>S\u00fcdasien in der \u201cNeuzeit\u201d: Geschichte und Gesellschaft <\/em>1500\u20132000. Wien: Pro\u00adme\u00addia, 2003, pp. 212\u2013232.<\/p>\n\n\n\n<p><span class=\"dquo\">\u201c<\/span>Ben\u00adgalens Land\u00adwirtschaft zwis\u00adchen 1750 und 1950\u201d. In: Wei\u00df, Chris\u00adt\u00adian <span class=\"amp\">&amp;<\/span> Hans-Mar\u00adtin Kunz (eds.), <em>Gold\u00adenes Ben\u00adgalen? Essays zur Geschichte, sozialen Entwick\u00adlung und Kul\u00adtur Banglade\u00adschs und des indis\u00adchen Bun\u00addesstaats West\u00adben\u00adgalen<\/em>. Bonn: Shi\u00adva Ver\u00adlag, 2002, pp. 15\u201342.<\/p>\n\n\n\n<p><span class=\"dquo\">\u201c<\/span>Gemis\u00adchte Hand\u00adlungskom\u00adpe\u00adten\u00adzen: Die \u2018Del\u00adhi Riots\u2019 von 1807\u201d. In: Fis\u00adch\u00ader-Tin\u00e9, Har\u00adald (ed.), <em>Han\u00addeln und Ver\u00adhan\u00addeln. Kolo\u00adnial\u00adis\u00admus, tran\u00adskul\u00adturelle Prozesse und Hand\u00adlungs-Kom\u00adpe\u00adtenz<\/em>. M\u00fcn\u00adster: Lit-Ver\u00adlag (= Periplus Par\u00aderga 8), 2002, pp. 29\u201350.<\/p>\n\n\n\n<p><span class=\"dquo\">\u201c<\/span>Ger\u00adman Exper\u00adtise in India? Ear\u00adly For\u00adest Man\u00adage\u00adment on the Mal\u00adabar Coast 1792\u20131805\u201d. In: Berke\u00admer, Georg et al. (eds.), <em>Explo\u00adrations in the His\u00adto\u00adry of South Asia: Essays in Hon\u00adour of Diet\u00admar Rother\u00admund<\/em>. Del\u00adhi: Manohar Pub\u00adlish\u00aders, 2001, pp. 9\u201326.<\/p>\n\n\n\n<p><span class=\"dquo\">\u201c<\/span>Die expan\u00adsive Dynamik der europ\u00e4is\u00adchen V\u00f6lk\u00ader: Eine kri\u00adtis\u00adche Betra\u00adch\u00adtung\u201d. In: Meier-Walser, Rein\u00adhard C. <span class=\"amp\">&amp;<\/span> Bernd Rill (eds.), <em>Der europ\u00e4is\u00adche Gedanke: Hin\u00adter\u00adgrund und Final\u00adit\u00e4t<\/em>. M\u00fcnchen: Son\u00adder\u00adaus\u00adgabe Poli\u00adtis\u00adche Stu\u00addi\u00aden, 2000, pp. 186\u2013206.<\/p>\n\n\n\n<p><span class=\"dquo\">\u201c<\/span>Max Webers \u2018Konzept\u2019 der indis\u00adchen Stadt\u201d. In: Bruhns, Hin\u00adnerk <span class=\"amp\">&amp;<\/span> Wolf\u00adgang Nip\u00adpel (eds.), <em>Max Weber und die Stadt im Kul\u00adturver\u00adgle\u00adich<\/em>. G\u00f6t\u00adtin\u00adgen: Van\u00adden\u00adhoeck und Ruprecht (= Kri\u00adtis\u00adche Stu\u00addi\u00aden zur Geschichtswis\u00adsenschaft 140), 2000, pp. 166\u2013182.<\/p>\n\n\n\n<p><span class=\"dquo\">\u201c<\/span>Eco\u00adlog\u00adi\u00adcal Change in North India: Defor\u00adesta\u00adtion and Agrar\u00adi\u00adan Dis\u00adtress in the Gan\u00adga-Jam\u00adna Doab, 1800\u20131850.\u201d In: Grove, Richard H., Vini\u00adta Damodaran <span class=\"amp\">&amp;<\/span> Sat\u00adpal Sang\u00adwan (eds.), <em>Nature and the Ori\u00adent: The Envi\u00adron\u00admen\u00adtal His\u00adto\u00adry of South and South East Asia<\/em>. Del\u00adhi: Oxford Uni\u00adver\u00adsi\u00adty Press, 1998, pp. 396\u2013420.<\/p>\n\n\n\n<p><span class=\"dquo\">\u201c<\/span>\u00d6konomie und \u00d6kolo\u00adgie: Nordin\u00addi\u00aden unter britis\u00adch\u00ader Herrschaft in der ersten H\u00e4lfte des 19. Jahrhun\u00adderts.\u201d In: Oster\u00adham\u00admel, J\u00fcr\u00adgen (ed.), <em>Asien in der Neuzeit 1500\u20131950<\/em>. Frank\u00adfurt am Main: Fis\u00adch\u00ader Ver\u00adlag, 1994, pp. 82\u2013100.<\/p>\n\n\n\n<h2 class=\"wp-block-heading\">Miscellanies: Catalogue Entries, Encyclopaedia Entries, Conference Reports and Smaller Articles<\/h2>\n\n\n\n<p><span class=\"dquo\">\u201c<\/span>Diet\u00adrich Bran\u00addis (1824\u20131907): Botanist and Founder of the Sci\u00adence of Trop\u00adi\u00adcal Forestry\u201d.&nbsp;<em><span class=\"caps\">MIDA<\/span>&nbsp;Archival Reflex\u00adi\u00adcon&nbsp;<\/em>(2020).&nbsp;<a href=\"https:\/\/doi.org\/10.25360\/01-2022-00016\">https:\/\/doi.org\/10.25360\/01\u20132022\u201300016<\/a>.<\/p>\n\n\n\n<p><span class=\"dquo\">\u201c<\/span>Diet\u00adrich Bran\u00addis (1824\u20131907): Botaniker und Begr\u00fcn\u00adder der tro\u00adpis\u00adchen Forstwissenschaften\u201d.&nbsp;<em><span class=\"caps\">MIDA<\/span>&nbsp;Archival Reflex\u00adi\u00adcon&nbsp;<\/em>(2018).&nbsp;<a href=\"https:\/\/doi.org\/10.25360\/01-2022-00014\">https:\/\/doi.org\/10.25360\/01\u20132022\u201300014<\/a>.<\/p>\n\n\n\n<p><span class=\"dquo\">\u201c<\/span>Wald\u00adwirtschaft und Forstwissenschaft in Britisch-Indi\u00aden\u201d.&nbsp;<em><span class=\"caps\">MIDA<\/span>&nbsp;Archival Reflex\u00adi\u00adcon<\/em>&nbsp;(2018).<em>&nbsp;<\/em><a href=\"https:\/\/doi.org\/10.25360\/01-2022-00015\">https:\/\/doi.org\/10.25360\/01\u20132022\u201300015<\/a>.<\/p>\n\n\n\n<p><span class=\"dquo\">\u201c<\/span>Tear\u00ading Down Walls! New Edu\u00adca\u00adtion, the Ped\u00ada\u00adgog\u00adic Province and the Cre\u00adation of the New Man: An Intro\u00adduc\u00adto\u00adry Essay\u201d. In: Mann, Michael (ed.), <em>Shan\u00adti\u00adnike\u00adtan Heller\u00adau: New Edu\u00adca\u00adtion in the \u2018Ped\u00ada\u00adgog\u00adic Provinces\u2019 of India and Ger\u00admany<\/em>. Hei\u00addel\u00adberg: Drau\u00adpa\u00addi Ver\u00adlag, 2015, pp. 11\u201319.<\/p>\n\n\n\n<p><span class=\"dquo\">\u201c<\/span>Amrit\u00adsar-Mas\u00adsak\u00ader\u201d. In: Hiery, Her\u00admann (on behalf of the Gesellschaft f\u00fcr \u00dcberseegeschichte) (ed.), <em>Lexikon zur \u00dcberseegeschichte<\/em>. Stuttgart: Franz Stein\u00ader Ver\u00adlag, 2015, pp.&nbsp;30.<\/p>\n\n\n\n<p><span class=\"dquo\">\u201c<\/span>Awadh\u201d. In: Hiery, Her\u00admann (on behalf of the Gesellschaft f\u00fcr \u00dcberseegeschichte) (ed.), <em>Lexikon zur \u00dcberseegeschichte<\/em>. Stuttgart: Franz Stein\u00ader Ver\u00adlag, 2015, pp.&nbsp;73.<\/p>\n\n\n\n<p>zusam\u00admen mit Hans Hom\u00admens: \u201cIndis\u00adch\u00ader Auf\u00ads\u00adtand\u201d. In: Hiery, Her\u00admann (on behalf of the Gesellschaft f\u00fcr \u00dcberseegeschichte) (ed.), <em>Lexikon zur \u00dcberseegeschichte<\/em>. Stuttgart: Franz Stein\u00ader Ver\u00adlag, 2015, pp.&nbsp;363.<\/p>\n\n\n\n<p><span class=\"dquo\">\u201c<\/span>Steuer\u00adsys\u00adteme, Steuerver\u00adan\u00adla\u00adgung in S\u00fcdasien\u201d. In: Hiery, Her\u00admann (on behalf of the Gesellschaft f\u00fcr \u00dcberseegeschichte) (ed.), <em>Lexikon zur \u00dcberseegeschichte<\/em>. Stuttgart: Franz Stein\u00ader Ver\u00adlag, 2015, pp.&nbsp;771.<\/p>\n\n\n\n<p>with Ineke Phaf-Rhein\u00adberg\u00ader: \u201cIntro\u00adduc\u00adtion: \u2018Beyond the Line\u2019&nbsp;\u2014 Con\u00adstruc\u00adtions and Con\u00adcepts with Focus on the South\u00adern Oceans\u201d. In: Mann, Michael <span class=\"amp\">&amp;<\/span> Ineke Phaf-Rhein\u00adberg\u00ader (eds.),&nbsp;<em>Beyond the Line: Cul\u00adtur\u00adal Nar\u00adra\u00adtives of the South\u00adern Oceans<\/em>. Berlin: Neo\u00adfe\u00adlis, 2014, pp. 7\u201327.<\/p>\n\n\n\n<p><span class=\"dquo\">\u201c<\/span>Die Teilung Britisch-Indi\u00adens 1947: Blutiger Weg in die Unab\u00adh\u00e4ngigkeit\u201d. In: Lampe, Ste\u00adfan <span class=\"amp\">&amp;<\/span> Ste\u00adfan Mentschel (eds.),&nbsp;<em>Schw\u00ader\u00adpunkt Indi\u00aden<\/em>. Online-Pub\u00adlika\u00adtion, 2014.&nbsp;Avail\u00adable at <a href=\"http:\/\/www.bpb.de\/themen\/1269M3,0,0Indien.htm\">http:\/\/www.bpb.de<\/a>.<\/p>\n\n\n\n<p><span class=\"dquo\">\u201c<\/span>Vor\u00adwort\u201d. In: Berke\u00admer, Georg (edit\u00aded by Michael Mann), <em>Max Weber und Indi\u00aden: Eine Ein\u00adf\u00fchrung.<\/em> Hei\u00addel\u00adberg: Drau\u00adpa\u00addi Ver\u00adlag, 2012, pp. 9\u201317.<\/p>\n\n\n\n<p><span class=\"dquo\">\u201c<\/span>After\u00adword: Improve\u00adment, Progress and Devel\u00adopemt\u201d. In: Watt, Carey A. <span class=\"amp\">&amp;<\/span> Michael Mann (eds.), <em>Civ\u00adi\u00adliz\u00ading Mis\u00adsions in Colo\u00adnial and Post\u00adcolo\u00adnial South <\/em>Asia. London\/New York: Anthem Press, 2011, pp. 317\u2013328.<\/p>\n\n\n\n<p><span class=\"dquo\">\u201c<\/span>&nbsp;\u2018Edward Said\u2019&nbsp;\u201d. In: Mid\u00addell, Matthias <span class=\"amp\">&amp;<\/span> Ulf Engel (eds.), <em>The\u00ado\u00adretik\u00ader der Glob\u00adal\u00adisierung<\/em>. Leipzig: Leipziger Uni\u00adver\u00adsit\u00e4tsver\u00adlag, 2010, pp. 409\u2013422.<\/p>\n\n\n\n<p><span class=\"dquo\">\u201c<\/span>S\u00fcdasi\u00adatis\u00adche Staat\u00aden\u201d. <em>Enzyk\u00adlop\u00e4die der Neuzeit<\/em>, Band 12. Stuttgart\/Weimar: Ver\u00adlag J.B. Met\u00adzler \/ C.E. Poeschel Ver\u00adlag GmbH, 2010, Sp. 76\u2013104.<\/p>\n\n\n\n<p>zusam\u00admen mit Kat\u00adja Nau\u00admann: \u201c1989 in a Glob\u00adal Per\u00adspec\u00adtive\u201d (Con\u00adfer\u00adence Report of the <em>Inter\u00adna\u00adtion\u00adal Con\u00adfer\u00adence<\/em>). <em>H\u2011Soz-Kult<\/em>, 01.02.2010. Ver\u00adf\u00fcg\u00adbar Avail\u00adable at <a href=\"http:\/\/hsozkult.geschichte.hu-berlin.de\/tagungsberichte\/id=2976%20\">http:\/\/hsozkult.geschichte.hu-berlin.de\/tagungsberichte\/id=2976&nbsp;<\/a>.<\/p>\n\n\n\n<p><span class=\"dquo\">\u201c<\/span>Sklaverei und Sklaven\u00adhan\u00addel im Indik, 16. bis 20. Jahrhun\u00addert\u201d.&nbsp;<em>Work\u00ading Paper Series of the Grad\u00adu\u00adate Cen\u00adtre Human\u00adi\u00adties and Social Sci\u00adences of the Research Acad\u00ade\u00admy Leipzig<\/em>. Leipzig: Leipziger Uni\u00adver\u00adsit\u00e4tsver\u00adlag,&nbsp;2009.<\/p>\n\n\n\n<p><span class=\"dquo\">\u201c<\/span>Zur Geschichte His\u00adtorisch\u00ader Repr\u00e4sen\u00adta\u00adtio\u00adnen um 1900: Ein\u00adlei\u00adt\u00adende Gedanken\u201d. <em>Periplus <\/em>18 (2008): pp. 1\u201315.<\/p>\n\n\n\n<p><span class=\"dquo\">\u201c<\/span>Impe\u00adri\u00adaler Herrschaftsstil eines Vizek\u00f6nigs. Britisch-Indi\u00aden in den Zeit\u00aden des Impe\u00adri\u00adal\u00adis\u00admus\u201d. <em>Das Zeital\u00adter des Kolo\u00adnial\u00adis\u00admus. <\/em>(Darm\u00adstadt, 2007), pp. 11\u201320.<\/p>\n\n\n\n<p><span class=\"dquo\">\u201c<\/span>Indi\u00adrek\u00adte Herrschaft\u201d. <em>Enzyk\u00adlop\u00e4die der Neuzeit<\/em>, Band 5. Stuttgart\/Weimar: Ver\u00adlag J.B. Met\u00adzler, 2007, Sp. 849\u201353.<\/p>\n\n\n\n<p><span class=\"dquo\">\u201c<\/span>Inter\u00adpret\u00ading Ear\u00adly Indi\u00adan His\u00adto\u00adry\u201d (Con\u00adfer\u00adence Report, Hei\u00addel\u00adberg, 20.\u201321. Juli 2006). <em>Inter\u00adna\u00adtionales Asien\u00adfo\u00adrum <\/em>37, 3\u20134 (2006): pp. 428\u2013433.<\/p>\n\n\n\n<p><span class=\"dquo\">\u201c<\/span>Ent\u00addeck\u00adungsreisen in Asien\u201d. <em>Enzyk\u00adlop\u00e4die der Neuzeit<\/em>, Band 3. Stuttgart\/Weimar: Ver\u00adlag J.B. Met\u00adzler, 2006, Sp. 331\u201333.<\/p>\n\n\n\n<p><span class=\"dquo\">\u201c<\/span>Asian Hori\u00adzons: Cities, States and Soci\u00adeties\u201d (Kon\u00adferenzbericht, Nation\u00adal Uni\u00adver\u00adsi\u00adty of Sin\u00adga\u00adpore, 1\u20133 August 2005). <em>Periplus <\/em>16, 1\u20132 (2006): pp. 188\u201391.<\/p>\n\n\n\n<p><span class=\"dquo\">\u201c<\/span>S\u00fcdin\u00addi\u00aden im 18. Jahrhun\u00addert: Poli\u00adtis\u00adche und wirtschaftliche Entwick\u00adlun\u00adgen\u201d. In: <em>Kat\u00ada\u00adlog zur inter\u00adna\u00adtionalen Jubil\u00e4um\u00adsausstel\u00adlung \u2018Geliebtes Europa\/Ostindische Welt. 300 Jahre interkul\u00adtureller Dia\u00adlog im Spiegel der D\u00e4nisch-Halleschen Mis\u00adsion\u2019<\/em>. Halle: Franck\u00adesche Stiftun\u00adgen, 2006, pp. 40\u201350.<\/p>\n\n\n\n<p><span class=\"dquo\">\u201c<\/span>&nbsp;\u2018Ich thun euch zu wis\u00adsen innge\u00adheym das ich des wil\u00adlens pin nach India zu faren\u2026..\u2019 Vor 500 Jahren began\u00adnen die deutsch-indis\u00adchen Han\u00addels\u00adbeziehun\u00adgen\u201d. <em>S\u00fcdasien<\/em> 2\u20134 (2005): pp. 74\u201376.<\/p>\n\n\n\n<p><span class=\"dquo\">\u201c<\/span>Toward the Twen\u00adti\u00adeth Cen\u00adtu\u00adry in Asia: Com\u00adpar\u00ada\u00adtive Per\u00adspec\u00adtives on Pol\u00adi\u00adtics, Econ\u00ado\u00admy and Soci\u00adety in Chi\u00adna and India\u201d (Con\u00adfer\u00adence Report, Duke Uni\u00adver\u00adsi\u00adty, Durham <span class=\"caps\">NC<\/span>, 19\u201321. Mai 2005). <em>Inter\u00adna\u00adtionales Asien\u00adfo\u00adrum <\/em>36 (2005): pp. 409\u2013411.<\/p>\n\n\n\n<p><span class=\"dquo\">\u201c<\/span>Wozu Umwelt\u00adgeschichte?\u201d (Con\u00adfer\u00adence Report). <em>Inter\u00adna\u00adtionales Asien\u00adfo\u00adrum<\/em> 34 (2003): pp. 190\u2013195.<\/p>\n\n\n\n<p><span class=\"dquo\">\u201c<\/span>Das Los der Land\u00adlosen. Die Agrarver\u00adh\u00e4lt\u00adnisse in Ben\u00adgalen w\u00e4hrend der britis\u00adchen Kolo\u00adnialzeit\u201d. <em>Netz <\/em>3 (2001): pp. 14\u201316.<\/p>\n\n\n\n<h2 class=\"wp-block-heading\">Book Reviews<\/h2>\n\n\n\n<p>Near\u00adly 150 book reviews for var\u00adi\u00adous jour\u00adnals, includ\u00ading: Com\u00admon\u00adwealth and Com\u00adpar\u00ada\u00adtive Pol\u00adi\u00adtics; Com\u00adpar\u00ada\u00adtiv; Geschichte Transna\u00adtion\u00adal; His\u00adtorische Zeitschrift; H\u2011Soz-u-Kult; Inter\u00adna\u00adtionales Asien\u00adfo\u00adrum; Jahrbuch f\u00fcr Europ\u00e4is\u00adche \u00dcberseegeschichte; Jour\u00adnal of Impe\u00adr\u00adi\u00adal and Com\u00admon\u00adwealth His\u00adto\u00adry; Neue Poli\u00adtis\u00adche Lit\u00ader\u00adatur; Periplus and Sci\u00adence, Tech\u00adnol\u00ado\u00adgy and Society.<\/p>\n","protected":false},"featured_media":0,"menu_order":0,"template":"","format":"standard","post_formats":[],"class_list":["post-3274","staff","type-staff","status-publish","format-standard","hentry"],"acf":[],"yoast_head":"<!-- This site is optimized with the Yoast SEO plugin v27.5 - https:\/\/yoast.com\/product\/yoast-seo-wordpress\/ -->\n<title>Michael Mann - MIDA<\/title>\n<meta name=\"robots\" content=\"index, follow, max-snippet:-1, max-image-preview:large, max-video-preview:-1\" \/>\n<link rel=\"canonical\" href=\"https:\/\/www.projekt-mida.de\/en\/staff\/michael-mann\/\" \/>\n<meta property=\"og:locale\" content=\"en_US\" \/>\n<meta property=\"og:type\" content=\"article\" \/>\n<meta property=\"og:title\" content=\"Michael Mann - MIDA\" \/>\n<meta property=\"og:description\" content=\"Career Michael Mann stud\u00adied Mod\u00adern South Asian His\u00adto\u00adry, Indol\u00ado\u00adgy and Ger\u00adman Lit\u00ader\u00ada\u00adture at Hei\u00addel\u00adberg Uni\u00adver\u00adsi\u00adty receiv\u00ading his M.A. in Mod\u00adern His\u00adto\u00adry and South Asian His\u00adto\u00adry in 1989. Prof. Dr Diet\u00admar Rother\u00admund, South Asia Insti\u00adtute of Hei\u00addel\u00adberg Uni\u00adver\u00adsi\u00adty, super\u00advised his PhD-the\u00adsis on the agrar\u00adi\u00adan trans\u00adfor\u00adma\u00adtion of north\u00adern India at the begin\u00adning of British colo\u00adnial rule which [&hellip;]\" \/>\n<meta property=\"og:url\" content=\"https:\/\/www.projekt-mida.de\/en\/staff\/michael-mann\/\" \/>\n<meta property=\"og:site_name\" content=\"MIDA\" \/>\n<meta property=\"article:modified_time\" content=\"2026-03-21T09:01:33+00:00\" \/>\n<meta property=\"og:image\" content=\"https:\/\/www.projekt-mida.de\/wp-content\/uploads\/2016\/11\/P_FOTO_normal.jpg\" \/>\n\t<meta property=\"og:image:width\" content=\"200\" \/>\n\t<meta property=\"og:image:height\" content=\"149\" \/>\n\t<meta property=\"og:image:type\" content=\"image\/jpeg\" \/>\n<meta name=\"twitter:card\" content=\"summary_large_image\" \/>\n<meta name=\"twitter:label1\" content=\"Est. reading time\" \/>\n\t<meta name=\"twitter:data1\" content=\"20 minutes\" \/>\n<script type=\"application\/ld+json\" class=\"yoast-schema-graph\">{\"@context\":\"https:\\\/\\\/schema.org\",\"@graph\":[{\"@type\":\"WebPage\",\"@id\":\"https:\\\/\\\/www.projekt-mida.de\\\/en\\\/staff\\\/michael-mann\\\/\",\"url\":\"https:\\\/\\\/www.projekt-mida.de\\\/en\\\/staff\\\/michael-mann\\\/\",\"name\":\"Michael Mann - MIDA\",\"isPartOf\":{\"@id\":\"https:\\\/\\\/www.projekt-mida.de\\\/en\\\/#website\"},\"primaryImageOfPage\":{\"@id\":\"https:\\\/\\\/www.projekt-mida.de\\\/en\\\/staff\\\/michael-mann\\\/#primaryimage\"},\"image\":{\"@id\":\"https:\\\/\\\/www.projekt-mida.de\\\/en\\\/staff\\\/michael-mann\\\/#primaryimage\"},\"thumbnailUrl\":\"https:\\\/\\\/www.projekt-mida.de\\\/wp-content\\\/uploads\\\/2016\\\/11\\\/P_FOTO_normal.jpg\",\"datePublished\":\"2022-07-28T09:50:59+00:00\",\"dateModified\":\"2026-03-21T09:01:33+00:00\",\"breadcrumb\":{\"@id\":\"https:\\\/\\\/www.projekt-mida.de\\\/en\\\/staff\\\/michael-mann\\\/#breadcrumb\"},\"inLanguage\":\"en-US\",\"potentialAction\":[{\"@type\":\"ReadAction\",\"target\":[\"https:\\\/\\\/www.projekt-mida.de\\\/en\\\/staff\\\/michael-mann\\\/\"]}]},{\"@type\":\"ImageObject\",\"inLanguage\":\"en-US\",\"@id\":\"https:\\\/\\\/www.projekt-mida.de\\\/en\\\/staff\\\/michael-mann\\\/#primaryimage\",\"url\":\"https:\\\/\\\/www.projekt-mida.de\\\/wp-content\\\/uploads\\\/2016\\\/11\\\/P_FOTO_normal.jpg\",\"contentUrl\":\"https:\\\/\\\/www.projekt-mida.de\\\/wp-content\\\/uploads\\\/2016\\\/11\\\/P_FOTO_normal.jpg\"},{\"@type\":\"BreadcrumbList\",\"@id\":\"https:\\\/\\\/www.projekt-mida.de\\\/en\\\/staff\\\/michael-mann\\\/#breadcrumb\",\"itemListElement\":[{\"@type\":\"ListItem\",\"position\":1,\"name\":\"Startseite\",\"item\":\"https:\\\/\\\/www.projekt-mida.de\\\/en\\\/\"},{\"@type\":\"ListItem\",\"position\":2,\"name\":\"Michael Mann\"}]},{\"@type\":\"WebSite\",\"@id\":\"https:\\\/\\\/www.projekt-mida.de\\\/en\\\/#website\",\"url\":\"https:\\\/\\\/www.projekt-mida.de\\\/en\\\/\",\"name\":\"MIDA\",\"description\":\"Das moderne Indien in deutschen Archiven 1706-1989\",\"publisher\":{\"@id\":\"https:\\\/\\\/www.projekt-mida.de\\\/en\\\/#organization\"},\"potentialAction\":[{\"@type\":\"SearchAction\",\"target\":{\"@type\":\"EntryPoint\",\"urlTemplate\":\"https:\\\/\\\/www.projekt-mida.de\\\/en\\\/?s={search_term_string}\"},\"query-input\":{\"@type\":\"PropertyValueSpecification\",\"valueRequired\":true,\"valueName\":\"search_term_string\"}}],\"inLanguage\":\"en-US\"},{\"@type\":\"Organization\",\"@id\":\"https:\\\/\\\/www.projekt-mida.de\\\/en\\\/#organization\",\"name\":\"MIDA - Das Moderne Indien in Deutschen Archiven 1706-1989\",\"url\":\"https:\\\/\\\/www.projekt-mida.de\\\/en\\\/\",\"logo\":{\"@type\":\"ImageObject\",\"inLanguage\":\"en-US\",\"@id\":\"https:\\\/\\\/www.projekt-mida.de\\\/en\\\/#\\\/schema\\\/logo\\\/image\\\/\",\"url\":\"https:\\\/\\\/www.projekt-mida.de\\\/wp-content\\\/uploads\\\/2016\\\/05\\\/cropped-midalogo.jpg\",\"contentUrl\":\"https:\\\/\\\/www.projekt-mida.de\\\/wp-content\\\/uploads\\\/2016\\\/05\\\/cropped-midalogo.jpg\",\"width\":1480,\"height\":397,\"caption\":\"MIDA - Das Moderne Indien in Deutschen Archiven 1706-1989\"},\"image\":{\"@id\":\"https:\\\/\\\/www.projekt-mida.de\\\/en\\\/#\\\/schema\\\/logo\\\/image\\\/\"}}]}<\/script>\n<!-- \/ Yoast SEO plugin. -->","yoast_head_json":{"title":"Michael Mann - MIDA","robots":{"index":"index","follow":"follow","max-snippet":"max-snippet:-1","max-image-preview":"max-image-preview:large","max-video-preview":"max-video-preview:-1"},"canonical":"https:\/\/www.projekt-mida.de\/en\/staff\/michael-mann\/","og_locale":"en_US","og_type":"article","og_title":"Michael Mann - MIDA","og_description":"Career Michael Mann stud\u00adied Mod\u00adern South Asian His\u00adto\u00adry, Indol\u00ado\u00adgy and Ger\u00adman Lit\u00ader\u00ada\u00adture at Hei\u00addel\u00adberg Uni\u00adver\u00adsi\u00adty receiv\u00ading his M.A. in Mod\u00adern His\u00adto\u00adry and South Asian His\u00adto\u00adry in 1989. Prof. Dr Diet\u00admar Rother\u00admund, South Asia Insti\u00adtute of Hei\u00addel\u00adberg Uni\u00adver\u00adsi\u00adty, super\u00advised his PhD-the\u00adsis on the agrar\u00adi\u00adan trans\u00adfor\u00adma\u00adtion of north\u00adern India at the begin\u00adning of British colo\u00adnial rule which [&hellip;]","og_url":"https:\/\/www.projekt-mida.de\/en\/staff\/michael-mann\/","og_site_name":"MIDA","article_modified_time":"2026-03-21T09:01:33+00:00","og_image":[{"width":200,"height":149,"url":"https:\/\/www.projekt-mida.de\/wp-content\/uploads\/2016\/11\/P_FOTO_normal.jpg","type":"image\/jpeg"}],"twitter_card":"summary_large_image","twitter_misc":{"Est. reading time":"20 minutes"},"schema":{"@context":"https:\/\/schema.org","@graph":[{"@type":"WebPage","@id":"https:\/\/www.projekt-mida.de\/en\/staff\/michael-mann\/","url":"https:\/\/www.projekt-mida.de\/en\/staff\/michael-mann\/","name":"Michael Mann - MIDA","isPartOf":{"@id":"https:\/\/www.projekt-mida.de\/en\/#website"},"primaryImageOfPage":{"@id":"https:\/\/www.projekt-mida.de\/en\/staff\/michael-mann\/#primaryimage"},"image":{"@id":"https:\/\/www.projekt-mida.de\/en\/staff\/michael-mann\/#primaryimage"},"thumbnailUrl":"https:\/\/www.projekt-mida.de\/wp-content\/uploads\/2016\/11\/P_FOTO_normal.jpg","datePublished":"2022-07-28T09:50:59+00:00","dateModified":"2026-03-21T09:01:33+00:00","breadcrumb":{"@id":"https:\/\/www.projekt-mida.de\/en\/staff\/michael-mann\/#breadcrumb"},"inLanguage":"en-US","potentialAction":[{"@type":"ReadAction","target":["https:\/\/www.projekt-mida.de\/en\/staff\/michael-mann\/"]}]},{"@type":"ImageObject","inLanguage":"en-US","@id":"https:\/\/www.projekt-mida.de\/en\/staff\/michael-mann\/#primaryimage","url":"https:\/\/www.projekt-mida.de\/wp-content\/uploads\/2016\/11\/P_FOTO_normal.jpg","contentUrl":"https:\/\/www.projekt-mida.de\/wp-content\/uploads\/2016\/11\/P_FOTO_normal.jpg"},{"@type":"BreadcrumbList","@id":"https:\/\/www.projekt-mida.de\/en\/staff\/michael-mann\/#breadcrumb","itemListElement":[{"@type":"ListItem","position":1,"name":"Startseite","item":"https:\/\/www.projekt-mida.de\/en\/"},{"@type":"ListItem","position":2,"name":"Michael Mann"}]},{"@type":"WebSite","@id":"https:\/\/www.projekt-mida.de\/en\/#website","url":"https:\/\/www.projekt-mida.de\/en\/","name":"MIDA","description":"Das moderne Indien in deutschen Archiven 1706-1989","publisher":{"@id":"https:\/\/www.projekt-mida.de\/en\/#organization"},"potentialAction":[{"@type":"SearchAction","target":{"@type":"EntryPoint","urlTemplate":"https:\/\/www.projekt-mida.de\/en\/?s={search_term_string}"},"query-input":{"@type":"PropertyValueSpecification","valueRequired":true,"valueName":"search_term_string"}}],"inLanguage":"en-US"},{"@type":"Organization","@id":"https:\/\/www.projekt-mida.de\/en\/#organization","name":"MIDA - Das Moderne Indien in Deutschen Archiven 1706-1989","url":"https:\/\/www.projekt-mida.de\/en\/","logo":{"@type":"ImageObject","inLanguage":"en-US","@id":"https:\/\/www.projekt-mida.de\/en\/#\/schema\/logo\/image\/","url":"https:\/\/www.projekt-mida.de\/wp-content\/uploads\/2016\/05\/cropped-midalogo.jpg","contentUrl":"https:\/\/www.projekt-mida.de\/wp-content\/uploads\/2016\/05\/cropped-midalogo.jpg","width":1480,"height":397,"caption":"MIDA - Das Moderne Indien in Deutschen Archiven 1706-1989"},"image":{"@id":"https:\/\/www.projekt-mida.de\/en\/#\/schema\/logo\/image\/"}}]}},"guten_post_layout_featured_media_urls":{"full":false,"thumbnail":false,"medium":false,"medium_large":false,"large":false,"1536x1536":false,"2048x2048":false,"guten_post_layout_landscape_large":false,"guten_post_layout_portrait_large":false,"guten_post_layout_square_large":false,"guten_post_layout_landscape":false,"guten_post_layout_portrait":false,"guten_post_layout_square":false,"post-thumbnail":false,"evolve-plus-post-thumbnail":false,"evolve-plus-slider-thumbnail":false,"evolve-plus-tabs-img":false,"evolve-plus-testimonial-avatar":false,"evolve-plus-related-img":false,"evolve-plus-portfolio-square":false,"evolve-plus-portfolio-small":false,"evolve-plus-portfolio-medium":false,"evolve-plus-portfolio-img":false},"jetpack_sharing_enabled":true,"_links":{"self":[{"href":"https:\/\/www.projekt-mida.de\/en\/wp-json\/wp\/v2\/staff\/3274","targetHints":{"allow":["GET"]}}],"collection":[{"href":"https:\/\/www.projekt-mida.de\/en\/wp-json\/wp\/v2\/staff"}],"about":[{"href":"https:\/\/www.projekt-mida.de\/en\/wp-json\/wp\/v2\/types\/staff"}],"wp:attachment":[{"href":"https:\/\/www.projekt-mida.de\/en\/wp-json\/wp\/v2\/media?parent=3274"}],"wp:term":[{"taxonomy":"post_format","embeddable":true,"href":"https:\/\/www.projekt-mida.de\/en\/wp-json\/wp\/v2\/post_formats?post=3274"}],"curies":[{"name":"wp","href":"https:\/\/api.w.org\/{rel}","templated":true}]}}